{"id":344,"date":"2021-04-01T15:50:09","date_gmt":"2021-04-01T13:50:09","guid":{"rendered":"http:\/\/uvasfelices.com\/politica-de-redes-sociales\/"},"modified":"2021-04-01T16:10:24","modified_gmt":"2021-04-01T14:10:24","slug":"politica-de-xarxes-socials","status":"publish","type":"page","link":"https:\/\/uvasfelices.com\/ca\/politica-de-xarxes-socials\/","title":{"rendered":"Pol\u00edtica de xarxes socials"},"content":{"rendered":"<div class=\"vce-row-container\" data-vce-boxed-width=\"true\"><div class=\"vce-row vce-row--col-gap-30 vce-row-equal-height vce-row-content--top\" id=\"el-a215cbca\" data-vce-do-apply=\"all el-a215cbca\"><div class=\"vce-content-background-container\"><\/div><div class=\"vce-row-content\" data-vce-element-content=\"true\"><div class=\"vce-col vce-col--md-auto vce-col--xs-1 vce-col--xs-last vce-col--xs-first vce-col--sm-last vce-col--sm-first vce-col--md-last vce-col--lg-last vce-col--xl-last vce-col--md-first vce-col--lg-first vce-col--xl-first\" id=\"el-6a9e399f\"><div class=\"vce-col-inner\" data-vce-do-apply=\"border margin background  el-6a9e399f\"><div class=\"vce-col-content\" data-vce-element-content=\"true\" data-vce-do-apply=\"padding el-6a9e399f\"><div class=\"vce-text-block\"><div class=\"vce-text-block-wrapper vce\" id=\"el-33b93494\" data-vce-do-apply=\"all el-33b93494\"><h2>Pol\u00edtica de xarxes socials<\/h2><\/div><\/div><div class=\"vce-text-block\"><div class=\"vce-text-block-wrapper vce\" id=\"el-1ba5a538\" data-vce-do-apply=\"all el-1ba5a538\"><p>La utilitzaci\u00f3 de xarxes socials i dels seus formularis requereix l'acceptaci\u00f3 del tractament de les dades de l'usuari d'acord amb aquesta pol\u00edtica de privacitat, incloent la recopilaci\u00f3 de dades d'acc\u00e9s i l'enviament d'informaci\u00f3 comercial per via electr\u00f2nica i altres mitjans, aix\u00ed com l'acceptaci\u00f3 de pol\u00edtiques de privacitat de cadascuna de les diferents xarxes socials en les que l'empresa \u00e9s usuari.<\/p><p>La interacci\u00f3 amb els nostres perfils es realitza d'acord amb les pol\u00edtiques de privacitat de cada xarxa social. A m\u00e9s, la utilitzaci\u00f3 i interacci\u00f3 a trav\u00e9s de les xarxes socials o perfils de VILA VINITECA per part dels usuaris, comporta el tractament sota els termes establerts en la present pol\u00edtica de privacitat, de les dades de car\u00e0cter personal facilitades per l'usuari, aix\u00ed com la informaci\u00f3 referida a prefer\u00e8ncies i altres dades d'inter\u00e8s comercial.<\/p><p>Consulteu la nostra pol\u00edtica de privacitat i pol\u00edtica de cookies per obtenir m\u00e9s informaci\u00f3 sobre com tractem les seves dades personals.<\/p><p>RESPONSABLE DEL TRACTAMENT DE LES DADES I INFORMACI\u00d3 DE CONTACTE<\/p><p>El responsable \u00e9s: VILA VINITECA i empreses vinculades: NEGOCIANTS SLU, CALIDOSCOPI VINOS FINOS SLU, CALIDOSCOPI VINS SLU, CAN DEZ MAS SL, UVAS FELICES SLU, VINS RARS SL, PRESCRIPTORS SLU.<\/p><p>Pot posar-se en contacte amb nosaltres:<\/p><p>Per tel\u00e8fon, al n\u00famero 902.327.777.<br>Per correu electr\u00f2nic, escrivint a rgpd@vilaviniteca.es .<br>Per escrit, dirigint-se a C \/ Agullers 7, 08003 BARCELONA (BARCELONA).<\/p><p>FINALITAT DEL TRACTAMENT DE LES DADES<\/p><p>Les dades proporcionades pels usuaris que interactuen en les nostres xarxes socials es tracten amb l'objectiu d\u2019atendre les sol\u00b7licituds dels usuaris, gestionar les nostres campanyes comercials, aix\u00ed com, si \u00e9s el cas, enviar-li per mitjans electr\u00f2nics informaci\u00f3 comercial sobre els nostres productes, serveis, promocions i activitats.<\/p><p>Tamb\u00e9 podrem utilitzar les dades proporcionades, incl\u00f2s les seves adreces de Xarxes Socials, per contactar i atendre les seves sol\u00b7licituds i \/ o reclamacions en cas d\u2019etiquetar o fer-nos menci\u00f3.<\/p><p>LEGITIMACI\u00d3<\/p><p>Les dades es tracten basant-se en el consentiment de l'usuari i interessos leg\u00edtims de l'empresa.<\/p><p>NEWSLETTERS I INFORMACI\u00d3 COMERCIAL<\/p><p>VILA VINITECA podr\u00e0 enviar-li informaci\u00f3 d'inter\u00e8s sobre l'empresa, aix\u00ed com informaci\u00f3 sobre productes, promocions, concursos, ofertes, esdeveniments o activitats, propis o de tercers, a trav\u00e9s d'una newsletter o similar, sempre que tinguem el seu consentiment inequ\u00edvoc, sol\u00b7licitat, si s'escau, a trav\u00e9s dels formularis f\u00edsics o en l\u00ednia existents, aix\u00ed com a trav\u00e9s dels diferents m\u00e8todes de subscripci\u00f3 als nostres esdeveniments, activitats o fires, o b\u00e9 mitjan\u00e7ant les habilitacions legals establertes per la Llei 34\/2002 de serveis de la societat de la informaci\u00f3 i comer\u00e7 electr\u00f2nic. Podr\u00e0 donar-se de baixa en qualsevol moment si aix\u00ed ho sol\u00b7licita seguint les condicions aqu\u00ed descrites o l'enlla\u00e7 incorporat a la newsletter .<\/p><p>Aix\u00ed mateix, la utilitzaci\u00f3 de xarxes socials implica el tractament de les dades amb fins de publicitat per part de les Xarxes Socials d'acord amb la seva pol\u00edtica de privacitat. Aquest tractament es realitza en base al seu consentiment a l\u2018utilitzar aquestes plataformes segons les condicions establertes per cada Xarxa Social.<\/p><p>POL\u00cdTIQUES ESPEC\u00cdFIQUES DE CADA XARXA SOCIAL<\/p><p>VILA VINITECA forma part de nombroses xarxes socials per a les finalitats descrites anteriorment. Per obtenir una visi\u00f3 espec\u00edfica de cada pol\u00edtica de privacitat, consulteu les diferents pol\u00edtiques de privacitat de les xarxes socials que utilitzem a:<\/p><p>- https:\/\/twitter.com\/es\/privacy (TWITTER)<\/p><p>- https:\/\/es-es.facebook.com\/about\/privacy\/upda et (FACEBOOK)<\/p><p>- https:\/\/help.instagram.com\/519522125107875 (INSTAGRAM)<\/p><p>- https:\/\/policy.pinterest.com\/es\/privacy-policy (PINTEREST)<\/p><p>-https:\/\/www.linkedin.com\/legal\/privacy-policy?trk=uno-reg-guest-home-privacy-policy (LINKEDIN)<\/p><p>NORMES D'\u00daS<\/p><p>- No insulti ni menyspre\u00ef a ning\u00fa. Sigui respectu\u00f3s i amable i respecti les diferents opinions, creences, gustos, ideologies, orientacions sexuals, etc.<\/p><p>- Sigui respectu\u00f3s amb la privacitat de les persones i no difongui informaci\u00f3 ni dades de tercers sense els consentiments preceptius.<\/p><p>- No faci publicitat de productes i \/ o de serveis de tercers a les nostres plataformes.<\/p><p>- No sigui repetitiu ni faci spam.<\/p><p>VILA VINITECA es reserva el dret d'ocultar, no admetre i \/ o bloquejar a aquells usuaris que no respectin les normes anteriors ni les condicions descrites en la present pol\u00edtica de xarxes socials.<\/p><p>CONDICIONS D'\u00daS DE LES FOTOGRAFIES I IMATGES<\/p><p>Publiquem fotografies pr\u00f2pies i \/ o de tercers sempre sota autoritzaci\u00f3 de les persones identificades i respectant els drets d'autor i propietat intel\u00b7lectual dels autors d'aquestes imatges.<\/p><p>Les imatges publicades no poden copiar-se, reproduir-se, distribuir-se, comunicar-se o transformar-se sense ser expressament autoritzades per VILA VINITECA. Nom\u00e9s podran compartir-se mitjan\u00e7ant les eines habilitades en les pr\u00f2pies xarxes socials.<\/p><p>Si utilitzeu els nostres hashtags propis creats per a una campanya determinada, ens dona perm\u00eds per utilitzar aquesta fotografia o imatge. Sempre l\u2019 etiquetarem i citarem en la publicaci\u00f3.<\/p><p>Assumim que t\u00e9 la propietat de la imatge o fotografia incorporada al hashtag i que no infringeix la propietat intel\u00b7lectual i els drets d'imatge de cap tercer ni infringeix cap llei.<\/p><p>DESTINATARIS I TRANSFER\u00c8NCIES<\/p><p>VILA VINITECA i empreses vinculades: NEGOCIANTS SLU, CALIDOSCOPI VINOS FINOS SLU, CALIDOSCOPI VINS SLU, CAN DEZ MAS SL, UVAS FELICES SLU, VINS RARS SL, PRESCRIPTORS SLU.<\/p><p>La utilitzaci\u00f3 de xarxes socials implica el tractament i acc\u00e9s de dades fora de l'Espai Econ\u00f2mic Europeu, incloent des de pa\u00efsos que no ofereixen una normativa de protecci\u00f3 de dades equiparable a l'europea. Per a m\u00e9s informaci\u00f3, consulteu les pol\u00edtiques de privacitat de cadascuna de les xarxes socials.<\/p><p>TERMINI DE CONSERVACI\u00d3 DE LES DADES<\/p><p>Al menys durant els terminis establerts per la legislaci\u00f3 aplicable i en tot cas mentre es mantingui la vig\u00e8ncia del consentiment .<\/p><p>DRETS DE LES PERSONES<\/p><p>Els afectats tenen dret a: accedir, rectificar i suprimir les seves dades, sol\u00b7licitar la portabilitat de les seves dades, oposar-se al tractament o sol\u00b7licitar la seva limitaci\u00f3, retirar el consentiment prestat, si escau.<\/p><p>Per a aix\u00f2 poden enviar la seva sol\u00b7licitud per escrit o correu electr\u00f2nic a l'adre\u00e7a del responsable, incloent la refer\u00e8ncia \"Protecci\u00f3 de dades\".<\/p><p>Per facilitar la identificaci\u00f3 recomanem que el titular de les dades adjunti a la sol\u00b7licitud c\u00f2pia del seu DNI o passaport.<\/p><p>Els afectats tamb\u00e9 poden realitzar una reclamaci\u00f3 davant l'Autoritat de Control de protecci\u00f3 de dades.<\/p><p>MENORS D'EDAT<\/p><p>VILA VINITECA prohibeix l'\u00fas dels seus serveis web i interacci\u00f3 en xarxes socials als usuaris menors de catorze anys.<\/p><p>En cap cas el menor podr\u00e0 facilitar a VILA VINITECA dades que permetin obtenir informaci\u00f3 sobre els altres membres del grup familiar, o sobre les caracter\u00edstiques de la mateixa, com les dades relatives a l'activitat professional dels progenitors, informaci\u00f3 econ\u00f2mica, dades sociol\u00f2giques o qualsevol altres, sense el consentiment dels titulars d'aquestes dades.<\/p><p>UTILITZACI\u00d3 DE FUNCIONS I COMPLEMENTS DE TERCERS<\/p><p>Les xarxes socials poden incorporar funcions i complements proporcionats per tercers per a diverses finalitats com , per exemple: anal\u00edtiques web de tercers, mapes de tercers, v\u00eddeos de tercers, compartici\u00f3 en xarxes socials, etc.<\/p><p>Una funci\u00f3 o complement d'un tercer estableix una connexi\u00f3 directa entre el navegador del l'usuari i els dominis d'Internet controlats pel tercer, permetent la desc\u00e0rrega i execuci\u00f3 de la funci\u00f3.<\/p><p>Aix\u00ed mateix, la majoria de complements de tercers recopilen quines p\u00e0gines visiten els usuaris per con\u00e8ixer els seus interessos i poder oferir-li posteriorment publicitat adaptada als mateixos.<\/p><\/div><\/div><\/div><\/div><\/div><\/div><\/div><\/div>\n","protected":false},"excerpt":{"rendered":"<p>Pol\u00edtica de xarxes socialsLa utilitzaci\u00f3 de xarxes socials i dels seus formularis requereix l&#8217;acceptaci\u00f3 del tractament de les dades de l&#8217;usuari d&#8217;acord amb aquesta pol\u00edtica de privacitat, incloent la recopilaci\u00f3 de dades d&#8217;acc\u00e9s i l&#8217;enviament d&#8217;informaci\u00f3 comercial per via electr\u00f2nica i altres mitjans, aix\u00ed com l&#8217;acceptaci\u00f3 de pol\u00edtiques de privacitat de cadascuna de les diferents [&hellip;]<\/p>\n","protected":false},"author":5,"featured_media":0,"parent":0,"menu_order":0,"comment_status":"closed","ping_status":"open","template":"","meta":{"footnotes":""},"class_list":["post-344","page","type-page","status-publish","hentry"],"yoast_head":"<!-- This site is optimized with the Yoast SEO plugin v27.3 - https:\/\/yoast.com\/product\/yoast-seo-wordpress\/ -->\n<title>Pol\u00edtica de xarxes socials - Uvas Felices<\/title>\n<meta name=\"robots\" content=\"index, follow, max-snippet:-1, max-image-preview:large, max-video-preview:-1\" \/>\n<link rel=\"canonical\" href=\"https:\/\/uvasfelices.com\/ca\/politica-de-xarxes-socials\/\" \/>\n<meta property=\"og:locale\" content=\"ca_ES\" \/>\n<meta property=\"og:type\" content=\"article\" \/>\n<meta property=\"og:title\" content=\"Pol\u00edtica de xarxes socials - Uvas Felices\" \/>\n<meta property=\"og:description\" content=\"Pol\u00edtica de xarxes socialsLa utilitzaci\u00f3 de xarxes socials i dels seus formularis requereix l&#039;acceptaci\u00f3 del tractament de les dades de l&#039;usuari d&#039;acord amb aquesta pol\u00edtica de privacitat, incloent la recopilaci\u00f3 de dades d&#039;acc\u00e9s i l&#039;enviament d&#039;informaci\u00f3 comercial per via electr\u00f2nica i altres mitjans, aix\u00ed com l&#039;acceptaci\u00f3 de pol\u00edtiques de privacitat de cadascuna de les diferents [&hellip;]\" \/>\n<meta property=\"og:url\" content=\"https:\/\/uvasfelices.com\/ca\/politica-de-xarxes-socials\/\" \/>\n<meta property=\"og:site_name\" content=\"Uvas Felices\" \/>\n<meta property=\"article:modified_time\" content=\"2021-04-01T14:10:24+00:00\" \/>\n<meta name=\"twitter:card\" content=\"summary_large_image\" \/>\n<meta name=\"twitter:label1\" content=\"Temps estimat de lectura\" \/>\n\t<meta name=\"twitter:data1\" content=\"6 minuts\" \/>\n<script type=\"application\/ld+json\" class=\"yoast-schema-graph\">{\"@context\":\"https:\\\/\\\/schema.org\",\"@graph\":[{\"@type\":\"WebPage\",\"@id\":\"https:\\\/\\\/uvasfelices.com\\\/ca\\\/politica-de-xarxes-socials\\\/\",\"url\":\"https:\\\/\\\/uvasfelices.com\\\/ca\\\/politica-de-xarxes-socials\\\/\",\"name\":\"Pol\u00edtica de xarxes socials - Uvas Felices\",\"isPartOf\":{\"@id\":\"https:\\\/\\\/uvasfelices.com\\\/#website\"},\"datePublished\":\"2021-04-01T13:50:09+00:00\",\"dateModified\":\"2021-04-01T14:10:24+00:00\",\"breadcrumb\":{\"@id\":\"https:\\\/\\\/uvasfelices.com\\\/ca\\\/politica-de-xarxes-socials\\\/#breadcrumb\"},\"inLanguage\":\"ca\",\"potentialAction\":[{\"@type\":\"ReadAction\",\"target\":[\"https:\\\/\\\/uvasfelices.com\\\/ca\\\/politica-de-xarxes-socials\\\/\"]}]},{\"@type\":\"BreadcrumbList\",\"@id\":\"https:\\\/\\\/uvasfelices.com\\\/ca\\\/politica-de-xarxes-socials\\\/#breadcrumb\",\"itemListElement\":[{\"@type\":\"ListItem\",\"position\":1,\"name\":\"Home\",\"item\":\"https:\\\/\\\/uvasfelices.com\\\/ca\\\/\"},{\"@type\":\"ListItem\",\"position\":2,\"name\":\"Pol\u00edtica de xarxes socials\"}]},{\"@type\":\"WebSite\",\"@id\":\"https:\\\/\\\/uvasfelices.com\\\/#website\",\"url\":\"https:\\\/\\\/uvasfelices.com\\\/\",\"name\":\"Uvas Felices\",\"description\":\"\",\"potentialAction\":[{\"@type\":\"SearchAction\",\"target\":{\"@type\":\"EntryPoint\",\"urlTemplate\":\"https:\\\/\\\/uvasfelices.com\\\/?s={search_term_string}\"},\"query-input\":{\"@type\":\"PropertyValueSpecification\",\"valueRequired\":true,\"valueName\":\"search_term_string\"}}],\"inLanguage\":\"ca\"}]}<\/script>\n<!-- \/ Yoast SEO plugin. -->","yoast_head_json":{"title":"Pol\u00edtica de xarxes socials - Uvas Felices","robots":{"index":"index","follow":"follow","max-snippet":"max-snippet:-1","max-image-preview":"max-image-preview:large","max-video-preview":"max-video-preview:-1"},"canonical":"https:\/\/uvasfelices.com\/ca\/politica-de-xarxes-socials\/","og_locale":"ca_ES","og_type":"article","og_title":"Pol\u00edtica de xarxes socials - Uvas Felices","og_description":"Pol\u00edtica de xarxes socialsLa utilitzaci\u00f3 de xarxes socials i dels seus formularis requereix l'acceptaci\u00f3 del tractament de les dades de l'usuari d'acord amb aquesta pol\u00edtica de privacitat, incloent la recopilaci\u00f3 de dades d'acc\u00e9s i l'enviament d'informaci\u00f3 comercial per via electr\u00f2nica i altres mitjans, aix\u00ed com l'acceptaci\u00f3 de pol\u00edtiques de privacitat de cadascuna de les diferents [&hellip;]","og_url":"https:\/\/uvasfelices.com\/ca\/politica-de-xarxes-socials\/","og_site_name":"Uvas Felices","article_modified_time":"2021-04-01T14:10:24+00:00","twitter_card":"summary_large_image","twitter_misc":{"Temps estimat de lectura":"6 minuts"},"schema":{"@context":"https:\/\/schema.org","@graph":[{"@type":"WebPage","@id":"https:\/\/uvasfelices.com\/ca\/politica-de-xarxes-socials\/","url":"https:\/\/uvasfelices.com\/ca\/politica-de-xarxes-socials\/","name":"Pol\u00edtica de xarxes socials - Uvas Felices","isPartOf":{"@id":"https:\/\/uvasfelices.com\/#website"},"datePublished":"2021-04-01T13:50:09+00:00","dateModified":"2021-04-01T14:10:24+00:00","breadcrumb":{"@id":"https:\/\/uvasfelices.com\/ca\/politica-de-xarxes-socials\/#breadcrumb"},"inLanguage":"ca","potentialAction":[{"@type":"ReadAction","target":["https:\/\/uvasfelices.com\/ca\/politica-de-xarxes-socials\/"]}]},{"@type":"BreadcrumbList","@id":"https:\/\/uvasfelices.com\/ca\/politica-de-xarxes-socials\/#breadcrumb","itemListElement":[{"@type":"ListItem","position":1,"name":"Home","item":"https:\/\/uvasfelices.com\/ca\/"},{"@type":"ListItem","position":2,"name":"Pol\u00edtica de xarxes socials"}]},{"@type":"WebSite","@id":"https:\/\/uvasfelices.com\/#website","url":"https:\/\/uvasfelices.com\/","name":"Uvas Felices","description":"","potentialAction":[{"@type":"SearchAction","target":{"@type":"EntryPoint","urlTemplate":"https:\/\/uvasfelices.com\/?s={search_term_string}"},"query-input":{"@type":"PropertyValueSpecification","valueRequired":true,"valueName":"search_term_string"}}],"inLanguage":"ca"}]}},"_links":{"self":[{"href":"https:\/\/uvasfelices.com\/ca\/wp-json\/wp\/v2\/pages\/344","targetHints":{"allow":["GET"]}}],"collection":[{"href":"https:\/\/uvasfelices.com\/ca\/wp-json\/wp\/v2\/pages"}],"about":[{"href":"https:\/\/uvasfelices.com\/ca\/wp-json\/wp\/v2\/types\/page"}],"author":[{"embeddable":true,"href":"https:\/\/uvasfelices.com\/ca\/wp-json\/wp\/v2\/users\/5"}],"replies":[{"embeddable":true,"href":"https:\/\/uvasfelices.com\/ca\/wp-json\/wp\/v2\/comments?post=344"}],"version-history":[{"count":2,"href":"https:\/\/uvasfelices.com\/ca\/wp-json\/wp\/v2\/pages\/344\/revisions"}],"predecessor-version":[{"id":346,"href":"https:\/\/uvasfelices.com\/ca\/wp-json\/wp\/v2\/pages\/344\/revisions\/346"}],"wp:attachment":[{"href":"https:\/\/uvasfelices.com\/ca\/wp-json\/wp\/v2\/media?parent=344"}],"curies":[{"name":"wp","href":"https:\/\/api.w.org\/{rel}","templated":true}]}}